{"data":[{"id":3306,"name":"Rue Gutenberg","subtitle":null,"type":{"name":"Op\u00e9ration globale d\u0027am\u00e9nagement"},"companies":[{"name":"INSPIRE"}],"address":"34 rue Gutenberg","latitude":"45.78482400","longitude":"3.13071700","dateStart":"2025-12-17T09:00:00+01:00","dateEnd":"2026-10-01T17:00:00+02:00","discomfort":{"name":"Rue bloqu\u00e9e dans le sens du trac\u00e9"},"concerns":[{"name":"commerces"},{"name":"pi\u00e9tons"},{"name":"cycliste"},{"name":"riverains"}],"link":"https:\/\/inspire-clermontmetropole.fr\/wp-content\/uploads\/2024\/05\/Flash-travaux-Gutenberg-de%CC%81cembre-2025.pdf","description":null,"geometry":{"type":"Feature","properties":[],"geometry":{"type":"LineString","coordinates":[[3.130717,45.784824],[3.130567,45.784891],[3.130374,45.784801],[3.129934,45.784629],[3.128593,45.784052],[3.126587,45.783191],[3.124226,45.782181],[3.123872,45.78201],[3.123626,45.781943],[3.123422,45.781823],[3.123207,45.781861]]}},"cities":[{"id":10,"name":"Clermont-Ferrand","code_insee":"63113"}]},{"id":3316,"name":"RD 68","subtitle":"Travaux d\u0027enfouissement des r\u00e9seaux secs","type":{"name":"Travaux de r\u00e9seaux avec fouilles"},"companies":[{"name":"DEPP"}],"address":"98 boulevard du Docteur Rocher","latitude":"45.76573100","longitude":"3.04166800","dateStart":"2026-02-02T00:00:00+01:00","dateEnd":"2026-09-30T00:00:00+02:00","discomfort":{"name":"Rue bloqu\u00e9e dans les deux sens"},"concerns":[{"name":"riverains"}],"link":"https:\/\/www.clermontmetropole.eu\/c-le-chantier-travaux\/les-travaux-en-cours\/travaux-secteur-ouest\/#orcines","description":"D\u00e9viation par la route des D\u00f4mes (Orcines)","geometry":{"type":"Feature","properties":[],"geometry":{"type":"LineString","coordinates":[[3.041668,45.765731],[3.040552,45.766031],[3.03905,45.765866],[3.037484,45.765477],[3.036218,45.765103],[3.03508,45.765222],[3.033514,45.765222],[3.032892,45.765477],[3.03242,45.765851],[3.032033,45.765971],[3.030982,45.766135],[3.030617,45.766135],[3.03051,45.765926]]}},"cities":[{"id":20,"name":"Royat","code_insee":"63308"}]},{"id":3331,"name":"Boulevard Danielle Mitterrand","subtitle":null,"type":{"name":"Op\u00e9ration globale d\u0027am\u00e9nagement"},"companies":[{"name":"INSPIRE"}],"address":"rase de Sarli\u00e8ve","latitude":"45.75307800","longitude":"3.15080200","dateStart":"2026-05-04T08:00:00+02:00","dateEnd":"2026-09-25T18:00:00+02:00","discomfort":{"name":"Rue bloqu\u00e9e dans les deux sens"},"concerns":[],"link":"https:\/\/inspire-clermontmetropole.fr\/actualites\/info-travaux-cournon-grande-halle\/","description":null,"geometry":{"type":"Feature","properties":[],"geometry":{"type":"LineString","coordinates":[[3.150802,45.753078],[3.150587,45.750533],[3.150716,45.750024],[3.15063,45.749754],[3.153312,45.745666],[3.153613,45.745457]]}},"cities":[{"id":1,"name":"Aubi\u00e8re","code_insee":"63014"},{"id":11,"name":"Cournon d\u0027Auvergne","code_insee":"63124"}]},{"id":3332,"name":"Avenue du Mar\u00e9chal Leclerc","subtitle":null,"type":{"name":"Op\u00e9ration globale d\u0027am\u00e9nagement"},"companies":[{"name":"INSPIRE"}],"address":"10 avenue du Mar\u00e9chal Leclerc","latitude":"45.74088900","longitude":"3.17425500","dateStart":"2026-05-04T08:00:00+02:00","dateEnd":"2026-09-25T18:00:00+02:00","discomfort":{"name":"Rue bloqu\u00e9e dans le sens contraire du trac\u00e9"},"concerns":[{"name":"commerces"},{"name":"pi\u00e9tons"},{"name":"cycliste"},{"name":"riverains"}],"link":"https:\/\/inspire-clermontmetropole.fr\/actualites\/info-travaux-cournon-centre\/","description":null,"geometry":{"type":"Feature","properties":[],"geometry":{"type":"LineString","coordinates":[[3.174255,45.740889],[3.172002,45.739901]]}},"cities":[{"id":11,"name":"Cournon d\u0027Auvergne","code_insee":"63124"}]},{"id":3333,"name":"Avenue Jean Moulin","subtitle":null,"type":{"name":"Op\u00e9ration globale d\u0027am\u00e9nagement"},"companies":[{"name":"INSPIRE"}],"address":"9 avenue Jean Moulin","latitude":"45.73784800","longitude":"3.20876400","dateStart":"2026-05-04T08:00:00+02:00","dateEnd":"2026-09-07T17:00:00+02:00","discomfort":{"name":"Rue bloqu\u00e9e dans le sens du trac\u00e9"},"concerns":[{"name":"commerces"},{"name":"pi\u00e9tons"},{"name":"riverains"}],"link":"https:\/\/inspire-clermontmetropole.fr\/actualites\/info-travaux-cournon-avenues-allier-jean-moulin-jules-ferry\/","description":null,"geometry":{"type":"Feature","properties":[],"geometry":{"type":"LineString","coordinates":[[3.208764,45.737848],[3.208818,45.73796],[3.208855,45.738058],[3.208888,45.738133],[3.208909,45.7382]]}},"cities":[{"id":11,"name":"Cournon d\u0027Auvergne","code_insee":"63124"}]},{"id":3334,"name":"Rue du Docteur Robert Langlade","subtitle":null,"type":{"name":"Op\u00e9ration globale d\u0027am\u00e9nagement"},"companies":[{"name":"INSPIRE"}],"address":"2 rue du Docteur Robert Langlade","latitude":"45.73945800","longitude":"3.21000300","dateStart":"2026-05-04T08:00:00+02:00","dateEnd":"2026-10-09T18:00:00+02:00","discomfort":{"name":"Rue bloqu\u00e9e dans les deux sens"},"concerns":[],"link":"https:\/\/inspire-clermontmetropole.fr\/actualites\/info-travaux-cournon-avenues-allier-jean-moulin-jules-ferry\/","description":null,"geometry":{"type":"Feature","properties":[],"geometry":{"type":"LineString","coordinates":[[3.210003,45.739458],[3.210062,45.739365]]}},"cities":[{"id":11,"name":"Cournon d\u0027Auvergne","code_insee":"63124"}]},{"id":3346,"name":"Boulevard Charles de Gaulle","subtitle":null,"type":{"name":"Op\u00e9ration globale d\u0027am\u00e9nagement"},"companies":[{"name":"INSPIRE"}],"address":"1 rue des Rossignols","latitude":"45.73411900","longitude":"3.18365300","dateStart":"2026-05-04T08:00:00+02:00","dateEnd":"2027-06-30T18:00:00+02:00","discomfort":{"name":"Rue bloqu\u00e9e dans le sens contraire du trac\u00e9"},"concerns":[{"name":"commerces"},{"name":"pi\u00e9tons"},{"name":"cycliste"},{"name":"riverains"}],"link":"https:\/\/inspire-clermontmetropole.fr\/actualites\/info-travaux-cournon-centre\/","description":null,"geometry":{"type":"Feature","properties":[],"geometry":{"type":"LineString","coordinates":[[3.183653,45.734119],[3.1814,45.735137],[3.180156,45.735916],[3.179319,45.736425],[3.177495,45.7377],[3.176851,45.738224],[3.174877,45.74068]]}},"cities":[{"id":11,"name":"Cournon d\u0027Auvergne","code_insee":"63124"}]},{"id":3350,"name":"Avenue du Mar\u00e9chal Leclerc","subtitle":null,"type":{"name":"Op\u00e9ration globale d\u0027am\u00e9nagement"},"companies":[{"name":"INSPIRE"}],"address":"44 avenue d\u0027Aubi\u00e8re","latitude":"45.73961500","longitude":"3.17130400","dateStart":"2026-05-04T08:00:00+02:00","dateEnd":"2026-09-25T18:00:00+02:00","discomfort":{"name":"Chauss\u00e9e r\u00e9duite"},"concerns":[{"name":"commerces"},{"name":"pi\u00e9tons"},{"name":"cycliste"}],"link":"https:\/\/inspire-clermontmetropole.fr\/actualites\/info-travaux-cournon-centre\/","description":null,"geometry":{"type":"Feature","properties":[],"geometry":{"type":"LineString","coordinates":[[3.171304,45.739615],[3.171224,45.739525],[3.171101,45.739402],[3.170983,45.739319],[3.170838,45.739207]]}},"cities":[{"id":11,"name":"Cournon d\u0027Auvergne","code_insee":"63124"}]},{"id":3351,"name":"Avenue du Mar\u00e9chal Leclerc","subtitle":null,"type":{"name":"Op\u00e9ration globale d\u0027am\u00e9nagement"},"companies":[{"name":"INSPIRE"}],"address":"144bis avenue de la Gare","latitude":"45.73796000","longitude":"3.16896600","dateStart":"2026-05-04T08:00:00+02:00","dateEnd":"2026-09-25T18:00:00+02:00","discomfort":{"name":"Chauss\u00e9e r\u00e9duite"},"concerns":[{"name":"commerces"}],"link":"https:\/\/inspire-clermontmetropole.fr\/actualites\/info-travaux-cournon-centre\/","description":null,"geometry":{"type":"Feature","properties":[],"geometry":{"type":"LineString","coordinates":[[3.168966,45.73796],[3.168837,45.737878],[3.168633,45.737736],[3.168429,45.737616],[3.168182,45.737474],[3.167753,45.737271],[3.167324,45.737114],[3.166498,45.737002],[3.165704,45.736994],[3.16388,45.737294],[3.161713,45.737691],[3.160822,45.737773]]}},"cities":[{"id":11,"name":"Cournon d\u0027Auvergne","code_insee":"63124"}]},{"id":3352,"name":"Avenue du Mar\u00e9chal Leclerc","subtitle":null,"type":{"name":"Op\u00e9ration globale d\u0027am\u00e9nagement"},"companies":[{"name":"INSPIRE"}],"address":"6 carrefour Robert Marchadier","latitude":"45.73913600","longitude":"3.17073000","dateStart":"2026-05-04T08:00:00+02:00","dateEnd":"2026-09-25T18:00:00+02:00","discomfort":{"name":"Chauss\u00e9e r\u00e9duite"},"concerns":[{"name":"commerces"}],"link":"https:\/\/inspire-clermontmetropole.fr\/actualites\/info-travaux-cournon-centre\/","description":null,"geometry":{"type":"Feature","properties":[],"geometry":{"type":"LineString","coordinates":[[3.17073,45.739136],[3.169245,45.738144]]}},"cities":[{"id":11,"name":"Cournon d\u0027Auvergne","code_insee":"63124"}]},{"id":3355,"name":"Travaux de renouvellement du r\u00e9seau d\u2019eau potable et reprise des branchements","subtitle":null,"type":{"name":"Travaux de r\u00e9seaux avec fouilles"},"companies":[{"name":"DCE - Ing\u00e9nierie"}],"address":"1 rue de la Varenne","latitude":"45.73015400","longitude":"3.06429000","dateStart":"2026-09-01T00:00:00+02:00","dateEnd":"2026-12-31T00:00:00+01:00","discomfort":{"name":"Rue bloqu\u00e9e dans les deux sens"},"concerns":[{"name":"riverains"}],"link":"https:\/\/www.clermontmetropole.eu\/fileadmin\/user_upload\/Actus\/Actualites\/2026\/avril\/Flyer_A4_-_Rue_de_la_Varenne_et_11_novembre_WEB.pdf","description":"Les travaux seront r\u00e9alis\u00e9s en \u00ab route barr\u00e9e sauf riverains \u00bb : les habitants des rues concern\u00e9es pourront acc\u00e9der \u00e0 leurs garages, dans la mesure du possible.\r\nInterdites \u00e0 la circulation aux autres v\u00e9hicules, les deux rues seront barr\u00e9es simultan\u00e9ment.\r\nAinsi, des d\u00e9viations seront mises en place tout au long du chantier et feront l\u2019objet d\u2019une signalisation adapt\u00e9e.","geometry":{"type":"Feature","properties":[],"geometry":{"type":"LineString","coordinates":[[3.06429,45.730154],[3.064429,45.73006],[3.064939,45.730101],[3.064923,45.730191],[3.064896,45.730225],[3.064998,45.730113],[3.065352,45.730146],[3.065405,45.730214],[3.065427,45.730154],[3.065899,45.73018],[3.066253,45.730255]]}},"cities":[{"id":7,"name":"Ceyrat","code_insee":"63070"}]},{"id":3357,"name":"Travaux de reprise des conduite de gaz","subtitle":null,"type":null,"companies":[{"name":"GRDF"}],"address":"2 rue du Onze Novembre","latitude":"45.73223900","longitude":"3.06527100","dateStart":"2026-09-01T00:00:00+02:00","dateEnd":"2026-12-31T00:00:00+01:00","discomfort":{"name":"Rue bloqu\u00e9e dans les deux sens"},"concerns":[{"name":"riverains"}],"link":"https:\/\/www.clermontmetropole.eu\/fileadmin\/user_upload\/Actus\/Actualites\/2026\/avril\/Flyer_A4_-_Rue_de_la_Varenne_et_11_novembre_WEB.pdf","description":"Les travaux seront r\u00e9alis\u00e9s en \u00ab route barr\u00e9e sauf riverains \u00bb : les habitants des rues concern\u00e9es pourront acc\u00e9der \u00e0 leurs garages, dans la mesure du possible.\r\nInterdites \u00e0 la circulation aux autres v\u00e9hicules, les deux rues seront barr\u00e9es simultan\u00e9ment.\r\nAinsi, des d\u00e9viations seront mises en place tout au long du chantier et feront l\u2019objet d\u2019une signalisation adapt\u00e9e.","geometry":{"type":"Feature","properties":[],"geometry":{"type":"LineString","coordinates":[[3.065271,45.732239],[3.065357,45.732007],[3.06562,45.731565],[3.065915,45.731056],[3.066114,45.730854],[3.06621,45.730281]]}},"cities":[{"id":7,"name":"Ceyrat","code_insee":"63070"}]},{"id":3371,"name":"Restauration du mur d\u2019enceinte du site de Cataroux","subtitle":"Michelin Cataroux \u2013 Mur d\u2019enceinte (organisation chantier)","type":{"name":"Autres travaux"},"companies":[{"name":"DIAM - Service Mobilit\u00e9"},{"name":"SMTC"}],"address":"42 rue de Chanteranne","latitude":"45.78970300","longitude":"3.09866000","dateStart":"2026-07-01T12:00:00+02:00","dateEnd":"2026-09-30T12:00:00+02:00","discomfort":{"name":"Chauss\u00e9e r\u00e9duite"},"concerns":[{"name":"bus"},{"name":"pi\u00e9tons"},{"name":"cycliste"},{"name":"riverains"}],"link":null,"description":"Le chantier concerne la r\u00e9novation du mur d\u2019enceinte du site Michelin Cataroux, situ\u00e9 le long de l\u2019avenue Ferdinand Forest \u00e0 Clermont-Ferrand. Cette op\u00e9ration fait suite \u00e0 une d\u00e9gradation progressive constat\u00e9e en 2023\u20132024, avec des chutes d\u2019enduit sur les trottoirs et la piste cyclable, g\u00e9n\u00e9rant un risque pour les usagers.\nLes travaux sont organis\u00e9s en phasage successif (s\u00e9quences 1, 2 et 3) avec une installation de chantier mobile. Ils n\u00e9cessitent des adaptations importantes de circulation : d\u00e9viations, contre-sens temporaires, neutralisations ponctuelles de piste cyclable, reprogrammation de carrefours \u00e0 feux et mise en place d\u2019arr\u00eats de bus provisoires.\nL\u2019objectif global est de s\u00e9curiser les usagers, maintenir la continuit\u00e9 des mobilit\u00e9s (dont transports en commun) et limiter les impacts en milieu urbain dense, tout en permettant la r\u00e9novation compl\u00e8te de l\u2019ouvrage.","geometry":{"type":"Feature","properties":[],"geometry":{"type":"LineString","coordinates":[[3.09866,45.789703],[3.098745,45.791154],[3.101406,45.793862],[3.102286,45.794221],[3.107243,45.79657]]}},"cities":[{"id":10,"name":"Clermont-Ferrand","code_insee":"63113"}]},{"id":3378,"name":"Carrefour Avenue du Midi \/ Charles de Gaulle","subtitle":"Travaux d\u0027am\u00e9nagement","type":{"name":"Op\u00e9ration globale d\u0027am\u00e9nagement"},"companies":[{"name":"INSPIRE"}],"address":"31 avenue du Midi","latitude":"45.73236700","longitude":"3.18691500","dateStart":"2026-09-03T12:00:00+02:00","dateEnd":"2026-10-09T17:00:00+02:00","discomfort":{"name":"Rue bloqu\u00e9e dans le sens du trac\u00e9"},"concerns":[{"name":"pi\u00e9tons"},{"name":"cycliste"}],"link":"https:\/\/inspire-clermontmetropole.fr\/actualites\/info-travaux-cournon-centre\/","description":null,"geometry":{"type":"Feature","properties":[],"geometry":{"type":"LineString","coordinates":[[3.186915,45.732367],[3.187709,45.732895]]}},"cities":[{"id":11,"name":"Cournon d\u0027Auvergne","code_insee":"63124"}]},{"id":3379,"name":"Carrefour Avenue du Midi \/ Charles de Gaulle","subtitle":"Travaux d\u0027am\u00e9nagement","type":{"name":"Op\u00e9ration globale d\u0027am\u00e9nagement"},"companies":[{"name":"INSPIRE"}],"address":"23 impasse des Chardonnerets","latitude":"45.73272200","longitude":"3.18706000","dateStart":"2026-09-03T12:00:00+02:00","dateEnd":"2026-10-09T17:00:00+02:00","discomfort":{"name":"Rue bloqu\u00e9e dans les deux sens"},"concerns":[{"name":"pi\u00e9tons"},{"name":"cycliste"}],"link":"https:\/\/inspire-clermontmetropole.fr\/actualites\/info-travaux-cournon-centre\/","description":null,"geometry":{"type":"Feature","properties":[],"geometry":{"type":"LineString","coordinates":[[3.18706,45.732722],[3.184083,45.73395]]}},"cities":[{"id":11,"name":"Cournon d\u0027Auvergne","code_insee":"63124"}]},{"id":3389,"name":"Avenue du Mar\u00e9chal Leclerc","subtitle":"entre le Bd Ch de Gaulle et les rues Albert Camus et Ren\u00e9 Cassin","type":{"name":"Op\u00e9ration globale d\u0027am\u00e9nagement"},"companies":[{"name":"INSPIRE"}],"address":"1 rue Ren\u00e9 Cassin","latitude":"45.74147200","longitude":"3.17538100","dateStart":"2026-08-10T07:00:00+02:00","dateEnd":"2026-09-07T06:00:00+02:00","discomfort":{"name":"Rue bloqu\u00e9e dans le sens contraire du trac\u00e9"},"concerns":[{"name":"commerces"},{"name":"pi\u00e9tons"},{"name":"cycliste"},{"name":"riverains"}],"link":"https:\/\/inspire-clermontmetropole.fr\/actualites\/info-travaux-cournon-centre\/","description":null,"geometry":{"type":"Feature","properties":[],"geometry":{"type":"LineString","coordinates":[[3.175381,45.741472],[3.174963,45.741248]]}},"cities":[{"id":11,"name":"Cournon d\u0027Auvergne","code_insee":"63124"}]},{"id":3390,"name":"Avenue Jean Moulin","subtitle":null,"type":{"name":"Op\u00e9ration globale d\u0027am\u00e9nagement"},"companies":[{"name":"INSPIRE"}],"address":"1 avenue Edouard Herriot","latitude":"45.73943200","longitude":"3.20912900","dateStart":"2026-07-31T17:00:00+02:00","dateEnd":"2026-10-09T17:00:00+02:00","discomfort":{"name":"Rue bloqu\u00e9e dans le sens du trac\u00e9"},"concerns":[{"name":"commerces"},{"name":"pi\u00e9tons"},{"name":"riverains"}],"link":"https:\/\/inspire-clermontmetropole.fr\/wp-content\/uploads\/2024\/05\/Flash-travaux-Cournon-Av.-Allier-Moulin-Ferry-juillet-2026.pdf","description":null,"geometry":{"type":"Feature","properties":[],"geometry":{"type":"LineString","coordinates":[[3.209129,45.739432],[3.209231,45.739507],[3.209435,45.739548],[3.209649,45.739586],[3.209891,45.739672]]}},"cities":[{"id":11,"name":"Cournon d\u0027Auvergne","code_insee":"63124"}]},{"id":3391,"name":"Avenue de l\u0027Allier","subtitle":null,"type":{"name":"Op\u00e9ration globale d\u0027am\u00e9nagement"},"companies":[{"name":"INSPIRE"}],"address":"1 avenue Edouard Herriot","latitude":"45.73984000","longitude":"3.20884500","dateStart":"2026-08-03T08:00:00+02:00","dateEnd":"2026-10-09T17:00:00+02:00","discomfort":{"name":"Rue bloqu\u00e9e dans les deux sens"},"concerns":[{"name":"commerces"},{"name":"pi\u00e9tons"},{"name":"cycliste"},{"name":"riverains"}],"link":"https:\/\/inspire-clermontmetropole.fr\/wp-content\/uploads\/2024\/05\/Flash-travaux-Cournon-Av.-Allier-Moulin-Ferry-juillet-2026.pdf","description":null,"geometry":{"type":"Feature","properties":[],"geometry":{"type":"LineString","coordinates":[[3.208845,45.73984],[3.209569,45.73972]]}},"cities":[{"id":11,"name":"Cournon d\u0027Auvergne","code_insee":"63124"}]},{"id":3394,"name":"Avenue Jules Ferry","subtitle":null,"type":{"name":"Op\u00e9ration globale d\u0027am\u00e9nagement"},"companies":[{"name":"INSPIRE"}],"address":"17 avenue Jules Ferry","latitude":"45.74350100","longitude":"3.21014300","dateStart":"2026-09-01T08:00:00+02:00","dateEnd":"2026-10-30T18:00:00+01:00","discomfort":{"name":"Rue bloqu\u00e9e dans le sens du trac\u00e9"},"concerns":[{"name":"commerces"},{"name":"pi\u00e9tons"},{"name":"cycliste"},{"name":"riverains"}],"link":"https:\/\/inspire-clermontmetropole.fr\/actualites\/info-travaux-cournon-avenues-allier-jean-moulin-jules-ferry\/","description":null,"geometry":{"type":"Feature","properties":[],"geometry":{"type":"LineString","coordinates":[[3.210143,45.743501],[3.20996,45.739975]]}},"cities":[{"id":11,"name":"Cournon d\u0027Auvergne","code_insee":"63124"}]},{"id":3397,"name":"Avenue Jules Ferry","subtitle":null,"type":{"name":"Op\u00e9ration globale d\u0027am\u00e9nagement"},"companies":[{"name":"INSPIRE"}],"address":"4 rue Pablo Neruda","latitude":"45.74362100","longitude":"3.20996000","dateStart":"2026-08-24T06:00:00+02:00","dateEnd":"2026-10-30T18:00:00+01:00","discomfort":{"name":"Rue bloqu\u00e9e dans les deux sens"},"concerns":[{"name":"commerces"},{"name":"pi\u00e9tons"},{"name":"cycliste"},{"name":"riverains"}],"link":"https:\/\/inspire-clermontmetropole.fr\/actualites\/info-travaux-cournon-avenues-allier-jean-moulin-jules-ferry\/","description":null,"geometry":{"type":"Feature","properties":[],"geometry":{"type":"LineString","coordinates":[[3.20996,45.743621],[3.210084,45.74361]]}},"cities":[{"id":11,"name":"Cournon d\u0027Auvergne","code_insee":"63124"}]},{"id":3401,"name":"Chemin de la Roche-Pertuisade : phase 3","subtitle":"Travaux d\u0027eau potable","type":{"name":"Travaux de r\u00e9seaux avec fouilles"},"companies":[{"name":"DCE - Exploitation"}],"address":"21 rue des Tourterelles","latitude":"45.77001900","longitude":"3.00861800","dateStart":"2026-08-31T00:00:00+02:00","dateEnd":"2026-09-30T00:00:00+02:00","discomfort":{"name":"Circulation Altern\u00e9e"},"concerns":[{"name":"riverains"}],"link":null,"description":"travaux sur le chemin de la Roche Pertuisade, entre le carrefour avec la rue des tourterelles et le puits de la vacherie. A l\u0027arriv\u00e9e de la route de Bordeaux, maintien de la circulation avec un alternat par feux tricolores. La travers\u00e9e de la chauss\u00e9e s\u0027effectuera en demi-chauss\u00e9e.","geometry":{"type":"Feature","properties":[],"geometry":{"type":"LineString","coordinates":[[3.008618,45.770019],[3.008323,45.770173],[3.008103,45.770405],[3.007776,45.770622],[3.006853,45.77103],[3.006456,45.771149]]}},"cities":[{"id":16,"name":"Orcines","code_insee":"63263"}]},{"id":3402,"name":"Chemin des Toulaits","subtitle":"Travaux d\u0027am\u00e9nagement","type":{"name":"Op\u00e9ration globale d\u0027am\u00e9nagement"},"companies":[{"name":"INSPIRE"}],"address":"17 avenue Jules Ferry","latitude":"45.74314600","longitude":"3.21043300","dateStart":"2026-05-18T08:00:00+02:00","dateEnd":"2026-12-25T17:00:00+01:00","discomfort":{"name":"Rue bloqu\u00e9e dans les deux sens"},"concerns":[],"link":"https:\/\/inspire-clermontmetropole.fr\/wp-content\/uploads\/2024\/05\/Flash-travaux-Cournon-Av.-Allier-Moulin-Ferry-juillet-2026.pdf","description":null,"geometry":{"type":"Feature","properties":[],"geometry":{"type":"LineString","coordinates":[[3.210433,45.743146],[3.21025,45.743172]]}},"cities":[{"id":11,"name":"Cournon d\u0027Auvergne","code_insee":"63124"}]},{"id":3411,"name":"Avenue Jules Ferry","subtitle":"Travaux d\u0027am\u00e9nagement","type":{"name":"Op\u00e9ration globale d\u0027am\u00e9nagement"},"companies":[{"name":"INSPIRE"}],"address":"place Francois Mitterrand","latitude":"45.74290600","longitude":"3.21004100","dateStart":"2026-08-03T12:00:00+02:00","dateEnd":"2026-10-30T23:00:00+01:00","discomfort":{"name":"Rue bloqu\u00e9e dans les deux sens"},"concerns":[{"name":"pi\u00e9tons"},{"name":"cycliste"}],"link":"https:\/\/inspire-clermontmetropole.fr\/actualites\/info-travaux-cournon-avenues-allier-jean-moulin-jules-ferry\/","description":null,"geometry":{"type":"Feature","properties":[],"geometry":{"type":"LineString","coordinates":[[3.210041,45.742906],[3.209934,45.742914]]}},"cities":[{"id":11,"name":"Cournon d\u0027Auvergne","code_insee":"63124"}]},{"id":3412,"name":"Carrefour Edmond Leclanch\u00e9","subtitle":"Travaux d\u0027am\u00e9nagement","type":{"name":"Op\u00e9ration globale d\u0027am\u00e9nagement"},"companies":[{"name":"INSPIRE"}],"address":"carrefour Edmond Leclanch\u00e9","latitude":"45.73798300","longitude":"3.15995300","dateStart":"2026-08-31T06:00:00+02:00","dateEnd":"2026-09-25T17:00:00+02:00","discomfort":{"name":"Chauss\u00e9e r\u00e9duite"},"concerns":[{"name":"commerces"},{"name":"bus"},{"name":"pi\u00e9tons"},{"name":"cycliste"},{"name":"riverains"}],"link":"https:\/\/inspire-clermontmetropole.fr\/actualites\/info-travaux-cournon-grande-halle\/","description":null,"geometry":{"type":"Feature","properties":[],"geometry":{"type":"LineString","coordinates":[[3.159953,45.737983],[3.159814,45.737867],[3.159803,45.737773],[3.159809,45.737676],[3.159841,45.737616],[3.159916,45.737553],[3.16005,45.737508],[3.1602,45.737485],[3.160361,45.737504],[3.160458,45.73756],[3.160522,45.737654],[3.160554,45.737773],[3.160501,45.737904],[3.160388,45.737983],[3.160222,45.738028],[3.160045,45.738013]]}},"cities":[{"id":11,"name":"Cournon d\u0027Auvergne","code_insee":"63124"}]},{"id":3414,"name":"Travaux renouvellement r\u00e9seau d\u2019eau potable","subtitle":"Renouvellement des conduites d\u0027eau potable rue du Docteur-Hospital et dans l\u0027impasse situ\u00e9e entre les n\u00b0 113 et 117","type":{"name":"Autres travaux"},"companies":[{"name":"DCE : "}],"address":"Rue du Docteur-Hospital et l\u2019impasse situ\u00e9e entre les num\u00e9ros 113 et 117","latitude":"45.79370800","longitude":"3.08705600","dateStart":"2026-08-31T00:00:00+02:00","dateEnd":"2026-09-18T00:00:00+02:00","discomfort":{"name":"Rue bloqu\u00e9e dans les deux sens"},"concerns":[],"link":null,"description":"Les travaux concernent le renouvellement des conduites d\u0027eau potable rue du Docteur-Hospital ainsi que dans l\u0027impasse situ\u00e9e entre les n\u00b0 113 et 117 \u00e0 Clermont-Ferrand.\n\nR\u00e9alis\u00e9s du 31 ao\u00fbt au 18 septembre 2026, les travaux seront effectu\u00e9s sous route barr\u00e9e, avec un acc\u00e8s maintenu aux riverains en fonction de l\u0027avancement du chantier.\n\nDes mesures temporaires seront mises en \u0153uvre concernant la circulation, le stationnement, la collecte des d\u00e9chets et la distribution d\u0027eau, afin de limiter les impacts pour les usagers et les riverains.\n\nCette op\u00e9ration a pour objectif de moderniser, s\u00e9curiser et p\u00e9renniser le r\u00e9seau d\u0027eau potable.","geometry":{"type":"Feature","properties":[],"geometry":{"type":"LineString","coordinates":[[3.087056,45.793708],[3.087754,45.793635]]}},"cities":[{"id":10,"name":"Clermont-Ferrand","code_insee":"63113"}]},{"id":3415,"name":"Travaux renouvellement des conduites d\u0027eau potable","subtitle":"Renouvellement des conduites d\u0027eau potable rue du Creux-de-l\u0027Enfer","type":{"name":"Autres travaux"},"companies":[{"name":"DCE : "}],"address":"rue du Creux-de-l\u0027Enfer","latitude":"45.76392000","longitude":"3.11658200","dateStart":"2026-08-31T12:00:00+02:00","dateEnd":"2026-09-19T12:00:00+02:00","discomfort":{"name":"Rue bloqu\u00e9e dans les deux sens"},"concerns":[],"link":null,"description":"Les travaux concernent le renouvellement des conduites d\u0027eau potable rue du Creux-de-l\u0027Enfer \u00e0 Clermont-Ferrand.\n\nR\u00e9alis\u00e9s du 31 ao\u00fbt au 19 septembre 2026, ils seront effectu\u00e9s sous route barr\u00e9e, avec un acc\u00e8s maintenu aux riverains selon les phases du chantier.\n\nDes adaptations temporaires de circulation, de stationnement, de collecte des d\u00e9chets et de distribution d\u0027eau seront mises en place afin de limiter les perturbations. Cette op\u00e9ration vise \u00e0 fiabiliser et p\u00e9renniser le r\u00e9seau d\u0027eau potable.","geometry":{"type":"Feature","properties":[],"geometry":{"type":"LineString","coordinates":[[3.116582,45.76392],[3.116818,45.764994]]}},"cities":[{"id":10,"name":"Clermont-Ferrand","code_insee":"63113"}]},{"id":3418,"name":"Rue Elis\u00e9e Reclus","subtitle":"Ferm\u00e9e depuis le rond-point","type":{"name":"Op\u00e9ration globale d\u0027am\u00e9nagement"},"companies":[{"name":"INSPIRE"}],"address":"21 rue Elis\u00e9e Reclus","latitude":"45.78849400","longitude":"3.13945400","dateStart":"2026-08-28T10:00:00+02:00","dateEnd":"2026-10-31T12:00:00+01:00","discomfort":{"name":"Rue bloqu\u00e9e dans les deux sens"},"concerns":[],"link":"https:\/\/inspire-clermontmetropole.fr\/actualites\/info-travaux-brezet\/","description":"D\u00e9viation : la rue reste accessible depuis la rue Bernard Palissy et l\u0027avenue Jean Mermoz.","geometry":{"type":"Feature","properties":[],"geometry":{"type":"LineString","coordinates":[[3.139454,45.788494],[3.139309,45.788845],[3.139095,45.789055]]}},"cities":[{"id":10,"name":"Clermont-Ferrand","code_insee":"63113"}]}]}